{"id":1141,"date":"2016-02-18T08:38:08","date_gmt":"2016-02-18T07:38:08","guid":{"rendered":"http:\/\/www.nitsche-farben.de\/web\/?page_id=1141"},"modified":"2026-04-13T14:35:55","modified_gmt":"2026-04-13T12:35:55","slug":"kataloge-magazine","status":"publish","type":"page","link":"https:\/\/www.nitsche-farben.de\/web\/kataloge-magazine\/","title":{"rendered":"Kataloge &#038; Magazine"},"content":{"rendered":"<section class=\"no-margin  \" style=\"background-position: 50% 50%; \" ><div class=\"container\"><div class=\"section-overlay\" style=\"background-color: rgba( 0, 0, 0,  );  background-image: url(  );\"><\/div><div class=\"row\" style=\"\">[vc_column width=&#8220;2\/3&#8243;][vc_custom_heading text=&#8220;Kataloge &amp; Magazine&#8220; google_fonts=&#8220;font_family:Hind%3A300%2Cregular%2C500%2C600%2C700|font_style:400%20regular%3A400%3Anormal&#8220;][vc_column_text]<strong>Farben \/ Lacke \/ Bodenbeschichtungen:<\/strong><\/p>\n<p><a href=\"https:\/\/www.nitsche-farben.de\/web\/wp-content\/uploads\/2018\/07\/BranthoKorrux-3in1-Prospekt.pdf\" target=\"_blank\" rel=\"noopener\">Brantho-Korrux 3in1 &#8211; Prospekt<\/a><\/p>\n<p><a href=\"https:\/\/www.nitsche-farben.de\/web\/wp-content\/uploads\/2018\/07\/BranthoKorrux-3in1-Farbtoene.pdf\" target=\"_blank\" rel=\"noopener\">Brantho-Korrux 3in1 &#8211; Farbt\u00f6ne<\/a><\/p>\n<p><a href=\"https:\/\/www.nitsche-farben.de\/web\/wp-content\/uploads\/2026\/03\/Nitsche-Flyer-Condor-Produktpalette-1.pdf\" target=\"_blank\" rel=\"noopener\">Condor + Senator Produktpalette<\/a><\/p>\n<p><a href=\"https:\/\/www.nitsche-farben.de\/web\/wp-content\/uploads\/2026\/03\/Dekorplus-Lieferprogramm.pdf\" target=\"_blank\" rel=\"noopener\">Dekorplus Lieferprogramm<\/a><\/p>\n<p><a href=\"https:\/\/www.nitsche-farben.de\/web\/wp-content\/uploads\/2025\/05\/Produktkatalog_2024_online.pdf\" target=\"_blank\" rel=\"noopener\">einzA Produktkatalog 2024 (2026 g\u00fcltig)<\/a><\/p>\n<p><a href=\"https:\/\/www.nitsche-farben.de\/web\/wp-content\/uploads\/2025\/05\/Leitfaden_-_einzA_Bodenbeschichtungen__2025_.pdf\">Leitfaden einzA Bodenbeschichtungen (2025)<\/a><\/p>\n<p><a href=\"https:\/\/www.nitsche-farben.de\/web\/wp-content\/uploads\/2024\/03\/einzA-Bodenbeschichtungen_DT_2023.pdf\" target=\"_blank\" rel=\"noopener\">einzA Bodenbeschichtungen (2023)<\/a><\/p>\n<p><a href=\"https:\/\/www.nitsche-farben.de\/web\/wp-content\/uploads\/2025\/05\/Fassadenfarben_und_Grundierungen_DT_2025.pdf\" target=\"_blank\" rel=\"noopener\">einzA Fassadenfarben und Grundierungen (2025)<\/a><\/p>\n<p><a href=\"https:\/\/www.nitsche-farben.de\/web\/wp-content\/uploads\/2024\/03\/einzA-Funktions-_und_Renovierfarben_DT_2023.pdf\" target=\"_blank\" rel=\"noopener\">einzA Funktions- und Renovierfarben (2023)<\/a><\/p>\n<p><a href=\"https:\/\/www.nitsche-farben.de\/web\/wp-content\/uploads\/2025\/05\/Innendispersionen_DT_2025.pdf\" target=\"_blank\" rel=\"noopener\">einzA Innendispersionen (2025)<\/a><\/p>\n<p><a href=\"https:\/\/www.nitsche-farben.de\/web\/wp-content\/uploads\/2025\/05\/Lasuren__O__le_und_Wetterschutz_DT_2025.pdf\" target=\"_blank\" rel=\"noopener\">einzA Lasuren, Oele und Wetterschutz (2025)<\/a><\/p>\n<p><a href=\"https:\/\/www.nitsche-farben.de\/web\/wp-content\/uploads\/2025\/05\/Korrosionsschutz_DT_2025.pdf\" target=\"_blank\" rel=\"noopener\">einzA Korrosionsschutz (2025)<\/a><\/p>\n<p><a href=\"https:\/\/www.nitsche-farben.de\/web\/wp-content\/uploads\/2024\/03\/einzA-mineralit_System_DT_2023.pdf\" target=\"_blank\" rel=\"noopener\">einzA mineralit System (2023)<\/a><\/p>\n<p><a href=\"https:\/\/www.nitsche-farben.de\/web\/wp-content\/uploads\/2024\/03\/einzA-Lawiment_System_DT_2021.pdf\" target=\"_blank\" rel=\"noopener\">einzA Lawiment System (2021)<\/a><\/p>\n<p><a href=\"https:\/\/www.nitsche-farben.de\/web\/wp-content\/uploads\/2024\/03\/einzA_Novasol___Lisol_DT_2021.pdf\" target=\"_blank\" rel=\"noopener\">einzA Novasol\/Lisol (2021)<\/a><\/p>\n<p><a href=\"https:\/\/www.nitsche-farben.de\/web\/wp-content\/uploads\/2025\/01\/einzA-Schimmelschutz_und_-sanierungs_System_DT_2025.pdf\" target=\"_blank\" rel=\"noopener\">einzA Schimmelschutz und Sanierungssystem 2025<\/a><\/p>\n<p><a href=\"https:\/\/www.nitsche-farben.de\/web\/wp-content\/uploads\/2024\/03\/einzA-Vor-_und_Decklacke_DT_2023.pdf\" target=\"_blank\" rel=\"noopener\">einzA Vor- und Decklacke (2023)<\/a><\/p>\n<p><a href=\"https:\/\/www.nitsche-farben.de\/web\/wp-content\/uploads\/2023\/03\/Classicmatt_2021.pdf\" target=\"_blank\" rel=\"noopener\">einzA Classicmatt<\/a><\/p>\n<p><a href=\"https:\/\/www.nitsche-farben.de\/web\/wp-content\/uploads\/2023\/03\/einzA_Garant_2018.pdf\" target=\"_blank\" rel=\"noopener\">einzA Garant<\/a><\/p>\n<p><a href=\"http:\/\/www.nitsche-farben.de\/web\/wp-content\/uploads\/2016\/02\/einzA_Aktuell_Karat-plus_2014.pdf\" target=\"_blank\" rel=\"noopener\">einzA Karat-plus<\/a><\/p>\n<p><a href=\"http:\/\/www.nitsche-farben.de\/web\/wp-content\/uploads\/2016\/02\/einzA_LF-Grund_Plus_Aktuell.pdf\" target=\"_blank\" rel=\"noopener\">einzA LF-Grund Plus<\/a><\/p>\n<p><a href=\"http:\/\/www.nitsche-farben.de\/web\/wp-content\/uploads\/2016\/02\/einzA_Aktuell_Novacryl.pdf\" target=\"_blank\" rel=\"noopener\">einzA Novacryl<\/a><\/p>\n<p><a href=\"http:\/\/www.nitsche-farben.de\/web\/wp-content\/uploads\/2016\/02\/einzA_Aktuell_Optima.pdf\" target=\"_blank\" rel=\"noopener\">einzA Optima<\/a><\/p>\n<p><a href=\"http:\/\/www.nitsche-farben.de\/web\/wp-content\/uploads\/2016\/02\/einzA_Aktuell_Signal_Plus.pdf\" target=\"_blank\" rel=\"noopener\">einzA Signal Plus<\/a><\/p>\n<p><a href=\"http:\/\/www.nitsche-farben.de\/web\/wp-content\/uploads\/2016\/02\/einzA_Aktuell_silicon_FF.pdf\" target=\"_blank\" rel=\"noopener\">einzA silicon Fassadenfarbe<\/a><\/p>\n<p><a href=\"http:\/\/www.nitsche-farben.de\/web\/wp-content\/uploads\/2016\/02\/einzA_Aktuell_Siliconharzfarbe_F1.pdf\" target=\"_blank\" rel=\"noopener\">einzA Siliconharzfarbe F1<\/a><\/p>\n<p><a href=\"https:\/\/www.nitsche-farben.de\/web\/wp-content\/uploads\/2023\/03\/Aktuell_Superior_InSilan_2022.pdf\" target=\"_blank\" rel=\"noopener\">einzA Superior InSilan<\/a><\/p>\n<p><a href=\"http:\/\/www.nitsche-farben.de\/web\/wp-content\/uploads\/2016\/02\/einzA_Aktuell_Wandfarbe_333.pdf\" target=\"_blank\" rel=\"noopener\">einzA Wandfarbe 333<\/a><\/p>\n<p><a href=\"http:\/\/www.nitsche-farben.de\/web\/wp-content\/uploads\/2016\/02\/einzA_Palmcolor_Folder_Gewebe.pdf\" target=\"_blank\" rel=\"noopener\">einzA Palmcolor Gewebe (Folder)<\/a><\/p>\n<p><a href=\"https:\/\/www.nitsche-farben.de\/web\/wp-content\/uploads\/2019\/07\/Malermix_Forte_DT.pdf\" target=\"_blank\" rel=\"noopener\">einzA Malermix Forte<\/a><\/p>\n<p><a href=\"http:\/\/www.nitsche-farben.de\/web\/wp-content\/uploads\/2016\/02\/einzA_Komaktlasur_Renovierung_alter_Lasurflaechen.pdf\" target=\"_blank\" rel=\"noopener\">einzA Kompaktlasur (Renovierung alter Lasurfl\u00e4chen)<\/a><\/p>\n<p><a href=\"http:\/\/www.nitsche-farben.de\/web\/wp-content\/uploads\/2016\/02\/einzA_MetallicEffekt_Lacke.pdf\" target=\"_blank\" rel=\"noopener\">einzA Metallic-Effekt-Lack<\/a><\/p>\n<p><a href=\"http:\/\/www.nitsche-farben.de\/web\/wp-content\/uploads\/2016\/02\/einzA_Novasol_Holz-_und_Wetterschutz.pdf\" target=\"_blank\" rel=\"noopener\">einzA Novasol Holz- und Wetterschutz<\/a><\/p>\n<p><a href=\"http:\/\/www.nitsche-farben.de\/web\/wp-content\/uploads\/2016\/02\/einzA_Renovierungsanstrich_Novasol.pdf\" target=\"_blank\" rel=\"noopener\">einzA Novasol Renovierungsanstrich<\/a><\/p>\n<p><a href=\"http:\/\/www.nitsche-farben.de\/web\/wp-content\/uploads\/2016\/02\/einzA_Novatrol_Holz\u00c3\u00b6le.pdf\" target=\"_blank\" rel=\"noopener\">einzA Novatrol Holz\u00f6le<\/a><\/p>\n<p><a href=\"https:\/\/www.nitsche-farben.de\/web\/wp-content\/uploads\/2025\/05\/jansen-sortimentsui-bersicht-2025.pdf\" target=\"_blank\" rel=\"noopener\">Jansen Produkt\u00fcbersicht 2025<\/a><\/p>\n<p><a href=\"https:\/\/webkiosk.keim.com\/produkte-und-systeme-2025\/69846199\" target=\"_blank\" rel=\"noopener\">Keim Produktkatalog 2025 (2026 g\u00fcltig)<\/a><\/p>\n<p><a href=\"https:\/\/www.nitsche-farben.de\/web\/wp-content\/uploads\/2026\/03\/zero_phb-25_s-1-128_23.10.pdf\" target=\"_blank\" rel=\"noopener\">ZERO Produkthandbuch 2025 (2026 g\u00fcltig)<\/a><\/p>\n<p><a href=\"https:\/\/www.nitsche-farben.de\/web\/wp-content\/uploads\/2026\/03\/wdvs-phb-25_fin.pdf\" target=\"_blank\" rel=\"noopener\">ZERO WDVS-Programm 2025 (2026 g\u00fcltig)<\/a><\/p>\n<p><a href=\"https:\/\/www.nitsche-farben.de\/web\/wp-content\/uploads\/2022\/11\/Zero-prosp_magictouch_neu.pdf\" target=\"_blank\" rel=\"noopener\">ZERO MagicTouch<\/a><\/p>\n<p><a href=\"http:\/\/www.nitsche-farben.de\/web\/wp-content\/uploads\/2016\/02\/Lehmusan-Lehmfarbe.pdf\" target=\"_blank\" rel=\"noopener\">Lehmusan Lehmfarbe<\/a><\/p>\n<p><strong>Grundierungen, Spachtelmassen, Kleber:<\/strong><\/p>\n<p><a href=\"https:\/\/www.nitsche-farben.de\/web\/wp-content\/uploads\/2026\/03\/ARDEX_Produktprogramm_2026_01.pdf\" target=\"_blank\" rel=\"noopener\">Ardex Produktprogramm 2026<\/a><\/p>\n<p><a href=\"https:\/\/www.murexin.at\/produktuebersicht\/\" target=\"_blank\" rel=\"noopener\">Murexin Produktprogramm<\/a><\/p>\n<p><a href=\"https:\/\/www.nitsche-farben.de\/web\/wp-content\/uploads\/2026\/03\/pue_thomsit_de_2026_web_ds.pdf\" target=\"_blank\" rel=\"noopener\">THOMSIT Produktprogramm 2026<\/a><\/p>\n<p><strong>Bodenbel\u00e4ge:<\/strong><\/p>\n<p><a href=\"https:\/\/www.meister.com\/de\/produkte\/parkett.html\" target=\"_blank\" rel=\"noopener\">Meister PARKETT<\/a><\/p>\n<p><a href=\"https:\/\/www.meister.com\/de\/produkte\/lindura-holzboden.html\" target=\"_blank\" rel=\"noopener\">Meister LINDURA HOLZBODEN<\/a><\/p>\n<p><a href=\"https:\/\/www.meister.com\/de\/produkte\/designboden.html\" target=\"_blank\" rel=\"noopener\">Meister DESIGNBODEN<\/a><\/p>\n<p><a href=\"https:\/\/www.meister.com\/de\/produkte\/laminat.html\" target=\"_blank\" rel=\"noopener\">Meister LAMINAT<\/a><\/p>\n<p><a href=\"https:\/\/www.meister.com\/de\/produkte\/nadura-boden.html\" target=\"_blank\" rel=\"noopener\">Meister NADURA<\/a><\/p>\n<p><a href=\"https:\/\/www.meister.com\/de\/produkte\/leisten.html\" target=\"_blank\" rel=\"noopener\">Meister LEISTEN<\/a><\/p>\n<p><a href=\"https:\/\/www.meister.com\/de\/produkte\/zubehoer.html\" target=\"_blank\" rel=\"noopener\">Meister ZUBEH\u00d6R<\/a><\/p>\n<p><a href=\"https:\/\/www.nitsche-farben.de\/web\/wp-content\/uploads\/2021\/02\/expona_brosch\u00fcre.pdf\" target=\"_blank\" rel=\"noopener\">Objectflor &#8211; EXPONA Commercial<\/a><\/p>\n<p><a href=\"http:\/\/www.nitsche-farben.de\/web\/wp-content\/uploads\/2016\/02\/Buch-EXPONA-DESIGN-Deutsch_obj_buch_23_04_13-4c_fuer_internet.pdf\" target=\"_blank\" rel=\"noopener\">Objectflor &#8211; EXPONA DESIGN<\/a><\/p>\n<p><a href=\"https:\/\/www.nitsche-farben.de\/web\/wp-content\/uploads\/2026\/03\/Broschuere_floors-at-home.pdf\" target=\"_blank\" rel=\"noopener\">Project Floors floors@home<\/a><\/p>\n<p><a href=\"https:\/\/www.nitsche-farben.de\/web\/wp-content\/uploads\/2026\/03\/Broschuere_floors-at-work.pdf\" target=\"_blank\" rel=\"noopener\">Project Floors floors@work<\/a><\/p>\n<p><a href=\"https:\/\/www.nitsche-farben.de\/web\/wp-content\/uploads\/2026\/03\/BR_CORE.pdf\" target=\"_blank\" rel=\"noopener\">Project Floors SPC-Core Click Collection<\/a><\/p>\n<p><a href=\"https:\/\/www.doellken-weimar.de\/de\/produkte\/produktfinder\" target=\"_blank\" rel=\"noopener\">D\u00f6llken Sockelleisten<\/a><\/p>\n<p><a href=\"https:\/\/www.doellken-weimar.de\/de\/produkte\/dekorfinder\/\" target=\"_blank\" rel=\"noopener\">Dekorfinder D\u00d6LLKEN-Profiles<\/a><\/p>\n<p><strong>Wandbel\u00e4ge:<\/strong><\/p>\n<p><a href=\"https:\/\/www.nitsche-farben.de\/web\/wp-content\/uploads\/2026\/03\/Aktuelle-Volltreffer-2026-E-Kollektion-PDF.pdf\" target=\"_blank\" rel=\"noopener\">E-Kollektion Aktuelle Volltreffer 2026<\/a><\/p>\n<p><a href=\"https:\/\/www.nitsche-farben.de\/web\/wp-content\/uploads\/2026\/04\/E-Kollektion-Trendvlies-2028.pdf\" target=\"_blank\" rel=\"noopener\">E-Kollektion Setta Trendvlies 2028<\/a><\/p>\n<p><a href=\"http:\/\/www.nitsche-farben.de\/web\/wp-content\/uploads\/2016\/02\/einzA_Palmtex_Gewebekollektion.pdf\" target=\"_blank\" rel=\"noopener\">einzA Palmtex Gewebekollektion<\/a><\/p>\n<p><a href=\"http:\/\/www.nitsche-farben.de\/web\/mwm-wandsysteme-hightech-fuer-ihre-wand-sanierung-verschoenerung\/\">MWM Wandsysteme: HIGHTECH f\u00fcr Ihre Wand \u2013 Sanierung \u2013 Versch\u00f6nerung<\/a><\/p>\n<p><a href=\"https:\/\/www.nitsche-farben.de\/web\/wp-content\/uploads\/2026\/03\/Erfurt-Produktprogramm-2026.pdf\" target=\"_blank\" rel=\"noopener\">Erfurt Produktkatalog DIY 2026<\/a><\/p>\n<p><a href=\"https:\/\/www.nitsche-farben.de\/web\/wp-content\/uploads\/2024\/03\/Rauhfaser_Broschuere_DE_001.pdf\" target=\"_blank\" rel=\"noopener\">Erfurt &#8211;\u00a0Rauhfaser Brosch\u00fcre<\/a><\/p>\n<p><a href=\"http:\/\/www.nitsche-farben.de\/web\/wp-content\/uploads\/2016\/01\/erfurt-VKFES-PRF-FLY-Variovlies-2015-A4-D.pdf\" target=\"_blank\" rel=\"noopener\">Erfurt &#8211;\u00a0Variovlies<\/a><\/p>\n<p><a href=\"http:\/\/www.nitsche-farben.de\/web\/wp-content\/uploads\/2016\/01\/erfurt-VKFES-PRF-FLY-Vliesfaser-2015-A4-D.pdf\" target=\"_blank\" rel=\"noopener\">Erfurt &#8211;\u00a0Vliesfaser<\/a><\/p>\n<p><a href=\"https:\/\/www.nitsche-farben.de\/web\/wp-content\/uploads\/2020\/06\/Erfurt-KlimaTec-Gesamt-A4-2018_181128.pdf\" target=\"_blank\" rel=\"noopener\">Erfurt &#8211; KlimaTec<\/a><\/p>\n<p><a href=\"https:\/\/www.nitsche-farben.de\/web\/wp-content\/uploads\/2018\/07\/LECO-Technisches-Merkblatt-63000-Background\u00ae-PRO-5in1.pdf\" target=\"_blank\" rel=\"noopener\">LECO Background PRO 5in1 Vlies<\/a><\/p>\n<p><a href=\"https:\/\/www.nitsche-farben.de\/web\/wp-content\/uploads\/2018\/07\/LECOVER_Flyer.pdf\" target=\"_blank\" rel=\"noopener\">LECO LECOVER &#8211; Die Abdecktapete<\/a><\/p>\n<p><a href=\"https:\/\/www.nitsche-farben.de\/web\/wp-content\/uploads\/2018\/07\/Brosch\u00fcre-Magnetvlies_Einzelseiten_3-Seiter.pdf\" target=\"_blank\" rel=\"noopener\">LECO Magnetvlies<\/a><\/p>\n<p><a href=\"https:\/\/www.nitsche-farben.de\/web\/wp-content\/uploads\/2018\/07\/LECO-Technisches-Merkblatt-39105_39205_39305_Metallicvlies-2.pdf\" target=\"_blank\" rel=\"noopener\">LECO Metallicvlies<\/a><\/p>\n<p><a href=\"http:\/\/www.architects-paper.com\/wp-content\/uploads\/2017\/03\/Motiv%C3%BCbersicht-AP-WEB-DINERS-AP-INDIVIDUAL-AP-DIGITAL-I-II-II-und-AP-PANEL.pdf\" target=\"_blank\" rel=\"noopener\">AP Digital (Bl\u00e4tterkatalog)<\/a><\/p>\n<p><strong>Werkzeuge, Maschinen, Hilfsmittel:<\/strong><\/p>\n<p><a href=\"https:\/\/www.nitsche-farben.de\/web\/wp-content\/uploads\/2025\/01\/Collomix_Katalog_DE-2025_2026.pdf\" target=\"_blank\" rel=\"noopener\">Collomix Katalog 2025\/2026<\/a><\/p>\n<p><a href=\"https:\/\/www.nitsche-farben.de\/web\/wp-content\/uploads\/2025\/01\/Witte-Katalog-2024.pdf\" target=\"_blank\" rel=\"noopener\">Witte Katalog 2024 (2026 g\u00fcltig)<\/a><\/p>\n<p><a href=\"https:\/\/katalog.storch.de\/frontend\/mvc\/catalog\/by-name\/8521?catalogName=STORCH%20Katalog%202026%20\" target=\"_blank\" rel=\"noopener\">Storch Bl\u00e4tterkatalog 2026<\/a><\/p>\n<p><a href=\"https:\/\/www.nitsche-farben.de\/web\/wp-content\/uploads\/2025\/05\/Pajarito_Product_Guide_2025_210x297mm_DE_2025-04_web.pdf\" target=\"_blank\" rel=\"noopener\">Pajarito Katalog 2025 (2026 g\u00fcltig)<\/a><\/p>\n<p><a href=\"https:\/\/www.festool.de\/produktberater\/festool-produktberater\" target=\"_blank\" rel=\"noopener\">Festool Produktberater<\/a><\/p>\n<p><a href=\"https:\/\/www.festool.de\/wissen\/downloads#Brosch%C3%BCren\" target=\"_blank\" rel=\"noopener\">Festool Brosch\u00fcren<\/a><\/p>\n<p><a href=\"https:\/\/www.festool.de\/wissen\/downloads#Magazine\" target=\"_blank\" rel=\"noopener\">Festool Magazine<\/a><\/p>\n<p><a href=\"https:\/\/www.nitsche-farben.de\/web\/wp-content\/uploads\/2026\/03\/Iller-Leiter-Hauptkatalog-2026.pdf\" target=\"_blank\" rel=\"noopener\">Iller Leiter Hauptkatalog 2026<\/a><\/p>\n<p><a href=\"https:\/\/www.nitsche-farben.de\/web\/wp-content\/uploads\/2024\/03\/Produktbroschuere_DIN-A4_DE_Mrz_2023_04_WEB.pdf\" target=\"_blank\" rel=\"noopener\">Tapofix Produktkatalog (ab 2023)<\/a><\/p>\n<p><a href=\"https:\/\/www.nitsche-farben.de\/web\/wp-content\/uploads\/2025\/05\/Gesamtkatalog-2025-2026.pdf\" target=\"_blank\" rel=\"noopener\">Euroline Gesamtkatalog 2025\/2026<\/a><\/p>\n<p><a href=\"https:\/\/www.kaercher.com\/de\/services\/downloads\/kataloge.html\" target=\"_blank\" rel=\"noopener\">K\u00e4rcher Produktkataloge zum Download<\/a><\/p>\n<p><a href=\"https:\/\/www.nitsche-farben.de\/web\/wp-content\/uploads\/2026\/03\/flex-produktprogramm-2026-de.pdf\" target=\"_blank\" rel=\"noopener\">FLEX Produktprogramm 2026<\/a><\/p>\n<p><a href=\"https:\/\/www.nitsche-farben.de\/web\/wp-content\/uploads\/2026\/03\/best-of-flex_2026-1_de_screen.pdf\" target=\"_blank\" rel=\"noopener\">FLEX Best Of Aktionsflyer 1\/2026<\/a><\/p>\n<p><a href=\"https:\/\/www.nitsche-farben.de\/web\/wp-content\/uploads\/2026\/03\/gartengerate_endkunde_de_2026.pdf\" target=\"_blank\" rel=\"noopener\">FLEX Flyer 18V Gartenger\u00e4te 2026<\/a><\/p>\n<p><a href=\"https:\/\/www.nitsche-farben.de\/web\/wp-content\/uploads\/2025\/05\/WOLFF_Product-Guide_2025_210x297mm_DE_2025-04_web.pdf\" target=\"_blank\" rel=\"noopener\">WOLFF Produktkatalog 2025\/2026<\/a><\/p>\n<p><a href=\"https:\/\/www.nitsche-farben.de\/web\/wp-content\/uploads\/2025\/05\/Wilms_Katalog_Klima-und-Heizgeraete_25-26_web.pdf\" target=\"_blank\" rel=\"noopener\">Wilms Klima- und Heizger\u00e4te 2025\/2026<\/a><\/p>\n<p><a href=\"https:\/\/www.nitsche-farben.de\/web\/wp-content\/uploads\/2025\/05\/Wilms_Katalog_Trocknungs-und-Lueftungsgeraete_25-26_web.pdf\" target=\"_blank\" rel=\"noopener\">Wilms Trocknungs- und L\u00fcftungsger\u00e4te 2025\/2026<\/a><\/p>\n<p><a href=\"http:\/\/www.nitsche-farben.de\/web\/wp-content\/uploads\/2016\/02\/Sista_MalerDichtstoffe.pdf\">Sista Malerdichtstoffe<\/a><\/p>\n<p><strong>Sonstiges, Zubeh\u00f6r:<\/strong><\/p>\n<p><a href=\"https:\/\/www.nitsche-farben.de\/web\/wp-content\/uploads\/2024\/03\/DOC_BRO_MHZ-Infobroschuere-Plissee-Waben-Plissee_SDE_AIN_V1.pdf\" target=\"_blank\" rel=\"noopener\">MHZ Infobrosch\u00fcre Waben-Plissee<\/a><\/p>\n<p><a href=\"https:\/\/www.nitsche-farben.de\/web\/wp-content\/uploads\/2024\/03\/DOC_BRO_MHZ-Broschuere-Plissee_SDE_AIN_V1.pdf\" target=\"_blank\" rel=\"noopener\">MHZ Infobrosch\u00fcre Plissee Vorh\u00e4nge\u00a0<\/a><\/p>\n<p><a href=\"https:\/\/www.nitsche-farben.de\/web\/wp-content\/uploads\/2026\/03\/DOC_BRO_MHZ-Flyer-Plissee-Kollektion-2026_SDE_AIN_V1.pdf\" target=\"_blank\" rel=\"noopener\">MHZ Flyer Plissee Kollektion 2026<\/a><\/p>\n<p><a href=\"https:\/\/www.nitsche-farben.de\/web\/wp-content\/uploads\/2026\/03\/DOC_BRO_MHZ-Broschuere-Plissee-Trendkarte-Europe_SDE_AIN_V1.pdf\" target=\"_blank\" rel=\"noopener\">MHZ Infobrosch\u00fcre Plissee Trendkollektion &#8222;Europe &#8211; feel the magic&#8220;<\/a><\/p>\n<p><a href=\"http:\/\/www.nitsche-farben.de\/web\/wp-content\/uploads\/2016\/02\/MHZ-Technische-Informationen-Plissee-Fenster-Tueren-2011.pdf\" target=\"_blank\" rel=\"noopener\">MHZ Technische Informationen Plissee f\u00fcr Fenster und T\u00fcren<\/a><\/p>\n<p><a href=\"http:\/\/www.nitsche-farben.de\/web\/wp-content\/uploads\/2016\/02\/MHZ-Montageanleitung-Plissee-8220.pdf\" target=\"_blank\" rel=\"noopener\">MHZ Montageanleitung Plissee Modell Standard 8220<\/a><\/p>\n<p><a href=\"http:\/\/www.nitsche-farben.de\/web\/wp-content\/uploads\/2016\/02\/MHZ-Pflegeanleitung-Plissee.pdf\" target=\"_blank\" rel=\"noopener\">MHZ Pflegeanleitung Plissee<\/a><\/p>\n<p><a href=\"https:\/\/www.nitsche-farben.de\/web\/wp-content\/uploads\/2026\/03\/NMC-Katalog-2026.pdf\" target=\"_blank\" rel=\"noopener\">NMC Noel Marquet Produkt\u00fcbersicht 2026<\/a><\/p>\n<p><a href=\"https:\/\/www.nitsche-farben.de\/web\/wp-content\/uploads\/2023\/03\/Orac-Sockelleisten-Broschuere.pdf\" target=\"_blank\" rel=\"noopener\">OracDecor Sockelleisten 2025<\/a><\/p>\n<p><a href=\"https:\/\/www.nitsche-farben.de\/web\/wp-content\/uploads\/2025\/05\/MP086-001-Spread-Orac-Catalogus-EN-NL-FR-DE-ES-DIGITAAL-spreads.pdf\" target=\"_blank\" rel=\"noopener\">OracDecor Produktkatalog 2025<\/a><\/p>\n<p><a href=\"https:\/\/www.nitsche-farben.de\/web\/wp-content\/uploads\/2026\/03\/Auer-Katalog-2026.pdf\" target=\"_blank\" rel=\"noopener\">Auer Metallprofile &#8211; Katalog 2026<\/a>[\/vc_column_text][\/vc_column][vc_column width=&#8220;1\/3&#8243;][vc_custom_heading text=&#8220;Partner&#8220; google_fonts=&#8220;font_family:Hind%3A300%2Cregular%2C500%2C600%2C700|font_style:400%20regular%3A400%3Anormal&#8220;][vc_single_image image=&#8220;953&#8243; img_size=&#8220;full&#8220; onclick=&#8220;custom_link&#8220; img_link_target=&#8220;_blank&#8220; link=&#8220;https:\/\/www.einza.com\/&#8220;][vc_single_image image=&#8220;924&#8243; img_size=&#8220;full&#8220; onclick=&#8220;custom_link&#8220; img_link_target=&#8220;_blank&#8220; link=&#8220;http:\/\/www.auer-metallprofile.de\/&#8220;][vc_single_image image=&#8220;925&#8243; img_size=&#8220;full&#8220; onclick=&#8220;custom_link&#8220; img_link_target=&#8220;_blank&#8220; link=&#8220;http:\/\/www.beko-group.de\/&#8220;][vc_single_image image=&#8220;926&#8243; img_size=&#8220;full&#8220; onclick=&#8220;custom_link&#8220; img_link_target=&#8220;_blank&#8220; link=&#8220;http:\/\/www.euroline-leitern.de\/&#8220;][vc_single_image image=&#8220;927&#8243; img_size=&#8220;full&#8220; onclick=&#8220;custom_link&#8220; img_link_target=&#8220;_blank&#8220; link=&#8220;https:\/\/www.festool.de\/&#8220;][vc_single_image image=&#8220;930&#8243; img_size=&#8220;full&#8220; onclick=&#8220;custom_link&#8220; img_link_target=&#8220;_blank&#8220; link=&#8220;http:\/\/www.iller-leiter.de\/&#8220;][vc_single_image image=&#8220;932&#8243; img_size=&#8220;full&#8220; onclick=&#8220;custom_link&#8220; img_link_target=&#8220;_blank&#8220; link=&#8220;http:\/\/www.mhz.de\/&#8220;][vc_single_image image=&#8220;940&#8243; img_size=&#8220;full&#8220; alignment=&#8220;center&#8220; onclick=&#8220;custom_link&#8220; img_link_target=&#8220;_blank&#8220; link=&#8220;http:\/\/www.nmc-deutschland.de\/&#8220;][vc_single_image image=&#8220;941&#8243; img_size=&#8220;full&#8220; onclick=&#8220;custom_link&#8220; img_link_target=&#8220;_blank&#8220; link=&#8220;http:\/\/www.objectflor.de\/&#8220;][vc_single_image image=&#8220;945&#8243; img_size=&#8220;full&#8220; onclick=&#8220;custom_link&#8220; img_link_target=&#8220;_blank&#8220; link=&#8220;http:\/\/www.pajarito.de\/&#8220;][vc_single_image image=&#8220;1668&#8243; img_size=&#8220;full&#8220; alignment=&#8220;center&#8220; onclick=&#8220;custom_link&#8220; img_link_target=&#8220;_blank&#8220; link=&#8220;http:\/\/www.storch.de\/&#8220;][vc_single_image image=&#8220;947&#8243; img_size=&#8220;full&#8220; onclick=&#8220;custom_link&#8220; img_link_target=&#8220;_blank&#8220; link=&#8220;http:\/\/www.tapofix.de\/&#8220;][vc_single_image image=&#8220;949&#8243; img_size=&#8220;full&#8220; onclick=&#8220;custom_link&#8220; img_link_target=&#8220;_blank&#8220; link=&#8220;http:\/\/www.witte-beckum.de\/&#8220;][vc_single_image image=&#8220;950&#8243; img_size=&#8220;full&#8220; onclick=&#8220;custom_link&#8220; img_link_target=&#8220;_blank&#8220; link=&#8220;http:\/\/www.zero-lack.de\/&#8220;][vc_single_image image=&#8220;1057&#8243; img_size=&#8220;full&#8220; alignment=&#8220;center&#8220; onclick=&#8220;custom_link&#8220; img_link_target=&#8220;_blank&#8220; link=&#8220;http:\/\/www.pci-augsburg.eu\/home.html&#8220;][vc_single_image image=&#8220;1060&#8243; img_size=&#8220;full&#8220; alignment=&#8220;center&#8220; onclick=&#8220;custom_link&#8220; img_link_target=&#8220;_blank&#8220; link=&#8220;https:\/\/www.kaercher.com\/&#8220;][vc_single_image image=&#8220;1064&#8243; img_size=&#8220;full&#8220; alignment=&#8220;center&#8220; onclick=&#8220;custom_link&#8220; img_link_target=&#8220;_blank&#8220; link=&#8220;http:\/\/www.makita.de&#8220;][vc_single_image image=&#8220;1131&#8243; img_size=&#8220;full&#8220; alignment=&#8220;center&#8220; onclick=&#8220;custom_link&#8220; img_link_target=&#8220;_blank&#8220; link=&#8220;http:\/\/www.meister.com\/&#8220;][vc_single_image image=&#8220;1630&#8243; img_size=&#8220;full&#8220; alignment=&#8220;center&#8220; onclick=&#8220;custom_link&#8220; img_link_target=&#8220;_blank&#8220; link=&#8220;https:\/\/www.keim.com\/&#8220;][vc_single_image image=&#8220;2174&#8243; img_size=&#8220;full&#8220; alignment=&#8220;center&#8220; onclick=&#8220;custom_link&#8220; img_link_target=&#8220;_blank&#8220; link=&#8220;https:\/\/www.doellken-weimar.de\/&#8220;][\/vc_column]<\/div><\/div><\/section>\n","protected":false},"excerpt":{"rendered":"[vc_column width=\"2\/3\"][vc_custom_heading text=\"Kataloge &amp; Magazine\" google_fonts=\"font_family:Hind%3A300%2Cregular%2C500%2C600%2C700|font_style:400%20regular%3A400%3Anormal\"][vc_column_text]Farben \/ Lacke \/ Bodenbeschichtungen: Brantho-Korrux 3in1 - Prospekt Brantho-Korrux 3in1 - Farbt\u00f6ne Condor + Senator Produktpalette Dekorplus Lieferprogramm einzA Produktkatalog 2024 (2026 g\u00fcltig) Leitfaden einzA Bodenbeschichtungen (2025) einzA Bodenbeschichtungen (2023) einzA Fassadenfarben und Grundierungen (2025) einzA Funktions- und Renovierfarben (2023) einzA Innendispersionen (2025) einzA Lasuren, Oele und Wetterschutz (2025) [...]","protected":false},"author":1,"featured_media":0,"parent":0,"menu_order":0,"comment_status":"closed","ping_status":"closed","template":"","meta":[],"yoast_head":"<!-- This site is optimized with the Yoast SEO plugin v19.14 - https:\/\/yoast.com\/wordpress\/plugins\/seo\/ -->\n<title>Kataloge &amp; Magazine &ndash; Nitsche Farben<\/title>\n<meta name=\"description\" content=\"Die Nitsche Farben GmbH ist ein Gro\u00dfhandelshaus f\u00fcr Farben, Lacke, Bodenbeschichtungen, Grundierungen, Spachtelmassen, Kleber, Bodenbel\u00e4ge und vieles mehr. Wie bieten Kataloge, Magazine und Downloads auf unserer Internetseite an. Informieren Sie sich \u00fcber unser Sortiment und Karriere-Chancen.\" \/>\n<meta name=\"robots\" content=\"index, follow, max-snippet:-1, max-image-preview:large, max-video-preview:-1\" \/>\n<link rel=\"canonical\" href=\"https:\/\/www.nitsche-farben.de\/web\/kataloge-magazine\/\" \/>\n<meta property=\"og:locale\" content=\"de_DE\" \/>\n<meta property=\"og:type\" content=\"article\" \/>\n<meta property=\"og:title\" content=\"Kataloge &amp; Magazine &ndash; Nitsche Farben\" \/>\n<meta property=\"og:description\" content=\"Die Nitsche Farben GmbH ist ein Gro\u00dfhandelshaus f\u00fcr Farben, Lacke, Bodenbeschichtungen, Grundierungen, Spachtelmassen, Kleber, Bodenbel\u00e4ge und vieles mehr. Wie bieten Kataloge, Magazine und Downloads auf unserer Internetseite an. Informieren Sie sich \u00fcber unser Sortiment und Karriere-Chancen.\" \/>\n<meta property=\"og:url\" content=\"https:\/\/www.nitsche-farben.de\/web\/kataloge-magazine\/\" \/>\n<meta property=\"og:site_name\" content=\"Nitsche Farben\" \/>\n<meta property=\"article:modified_time\" content=\"2026-04-13T12:35:55+00:00\" \/>\n<meta name=\"twitter:card\" content=\"summary_large_image\" \/>\n<meta name=\"twitter:label1\" content=\"Gesch\u00e4tzte Lesezeit\" \/>\n\t<meta name=\"twitter:data1\" content=\"3\u00a0Minuten\" \/>\n<script type=\"application\/ld+json\" class=\"yoast-schema-graph\">{\"@context\":\"https:\/\/schema.org\",\"@graph\":[{\"@type\":\"WebPage\",\"@id\":\"https:\/\/www.nitsche-farben.de\/web\/kataloge-magazine\/\",\"url\":\"https:\/\/www.nitsche-farben.de\/web\/kataloge-magazine\/\",\"name\":\"Kataloge & Magazine &ndash; Nitsche Farben\",\"isPartOf\":{\"@id\":\"https:\/\/www.nitsche-farben.de\/web\/#website\"},\"datePublished\":\"2016-02-18T07:38:08+00:00\",\"dateModified\":\"2026-04-13T12:35:55+00:00\",\"description\":\"Die Nitsche Farben GmbH ist ein Gro\u00dfhandelshaus f\u00fcr Farben, Lacke, Bodenbeschichtungen, Grundierungen, Spachtelmassen, Kleber, Bodenbel\u00e4ge und vieles mehr. Wie bieten Kataloge, Magazine und Downloads auf unserer Internetseite an. Informieren Sie sich \u00fcber unser Sortiment und Karriere-Chancen.\",\"breadcrumb\":{\"@id\":\"https:\/\/www.nitsche-farben.de\/web\/kataloge-magazine\/#breadcrumb\"},\"inLanguage\":\"de\",\"potentialAction\":[{\"@type\":\"ReadAction\",\"target\":[\"https:\/\/www.nitsche-farben.de\/web\/kataloge-magazine\/\"]}]},{\"@type\":\"BreadcrumbList\",\"@id\":\"https:\/\/www.nitsche-farben.de\/web\/kataloge-magazine\/#breadcrumb\",\"itemListElement\":[{\"@type\":\"ListItem\",\"position\":1,\"name\":\"Home\",\"item\":\"https:\/\/www.nitsche-farben.de\/web\/\"},{\"@type\":\"ListItem\",\"position\":2,\"name\":\"Kataloge &#038; Magazine\"}]},{\"@type\":\"WebSite\",\"@id\":\"https:\/\/www.nitsche-farben.de\/web\/#website\",\"url\":\"https:\/\/www.nitsche-farben.de\/web\/\",\"name\":\"Nitsche Farben\",\"description\":\"Herzlich willkommen\",\"publisher\":{\"@id\":\"https:\/\/www.nitsche-farben.de\/web\/#organization\"},\"potentialAction\":[{\"@type\":\"SearchAction\",\"target\":{\"@type\":\"EntryPoint\",\"urlTemplate\":\"https:\/\/www.nitsche-farben.de\/web\/?s={search_term_string}\"},\"query-input\":\"required name=search_term_string\"}],\"inLanguage\":\"de\"},{\"@type\":\"Organization\",\"@id\":\"https:\/\/www.nitsche-farben.de\/web\/#organization\",\"name\":\"Nitsche Farben GmbH & Co. KG\",\"url\":\"https:\/\/www.nitsche-farben.de\/web\/\",\"logo\":{\"@type\":\"ImageObject\",\"inLanguage\":\"de\",\"@id\":\"https:\/\/www.nitsche-farben.de\/web\/#\/schema\/logo\/image\/\",\"url\":\"https:\/\/www.nitsche-farben.de\/web\/wp-content\/uploads\/2015\/12\/logo2.png\",\"contentUrl\":\"https:\/\/www.nitsche-farben.de\/web\/wp-content\/uploads\/2015\/12\/logo2.png\",\"width\":1000,\"height\":282,\"caption\":\"Nitsche Farben GmbH & Co. KG\"},\"image\":{\"@id\":\"https:\/\/www.nitsche-farben.de\/web\/#\/schema\/logo\/image\/\"}}]}<\/script>\n<!-- \/ Yoast SEO plugin. -->","yoast_head_json":{"title":"Kataloge & Magazine &ndash; Nitsche Farben","description":"Die Nitsche Farben GmbH ist ein Gro\u00dfhandelshaus f\u00fcr Farben, Lacke, Bodenbeschichtungen, Grundierungen, Spachtelmassen, Kleber, Bodenbel\u00e4ge und vieles mehr. Wie bieten Kataloge, Magazine und Downloads auf unserer Internetseite an. Informieren Sie sich \u00fcber unser Sortiment und Karriere-Chancen.","robots":{"index":"index","follow":"follow","max-snippet":"max-snippet:-1","max-image-preview":"max-image-preview:large","max-video-preview":"max-video-preview:-1"},"canonical":"https:\/\/www.nitsche-farben.de\/web\/kataloge-magazine\/","og_locale":"de_DE","og_type":"article","og_title":"Kataloge & Magazine &ndash; Nitsche Farben","og_description":"Die Nitsche Farben GmbH ist ein Gro\u00dfhandelshaus f\u00fcr Farben, Lacke, Bodenbeschichtungen, Grundierungen, Spachtelmassen, Kleber, Bodenbel\u00e4ge und vieles mehr. Wie bieten Kataloge, Magazine und Downloads auf unserer Internetseite an. Informieren Sie sich \u00fcber unser Sortiment und Karriere-Chancen.","og_url":"https:\/\/www.nitsche-farben.de\/web\/kataloge-magazine\/","og_site_name":"Nitsche Farben","article_modified_time":"2026-04-13T12:35:55+00:00","twitter_card":"summary_large_image","twitter_misc":{"Gesch\u00e4tzte Lesezeit":"3\u00a0Minuten"},"schema":{"@context":"https:\/\/schema.org","@graph":[{"@type":"WebPage","@id":"https:\/\/www.nitsche-farben.de\/web\/kataloge-magazine\/","url":"https:\/\/www.nitsche-farben.de\/web\/kataloge-magazine\/","name":"Kataloge & Magazine &ndash; Nitsche Farben","isPartOf":{"@id":"https:\/\/www.nitsche-farben.de\/web\/#website"},"datePublished":"2016-02-18T07:38:08+00:00","dateModified":"2026-04-13T12:35:55+00:00","description":"Die Nitsche Farben GmbH ist ein Gro\u00dfhandelshaus f\u00fcr Farben, Lacke, Bodenbeschichtungen, Grundierungen, Spachtelmassen, Kleber, Bodenbel\u00e4ge und vieles mehr. Wie bieten Kataloge, Magazine und Downloads auf unserer Internetseite an. Informieren Sie sich \u00fcber unser Sortiment und Karriere-Chancen.","breadcrumb":{"@id":"https:\/\/www.nitsche-farben.de\/web\/kataloge-magazine\/#breadcrumb"},"inLanguage":"de","potentialAction":[{"@type":"ReadAction","target":["https:\/\/www.nitsche-farben.de\/web\/kataloge-magazine\/"]}]},{"@type":"BreadcrumbList","@id":"https:\/\/www.nitsche-farben.de\/web\/kataloge-magazine\/#breadcrumb","itemListElement":[{"@type":"ListItem","position":1,"name":"Home","item":"https:\/\/www.nitsche-farben.de\/web\/"},{"@type":"ListItem","position":2,"name":"Kataloge &#038; Magazine"}]},{"@type":"WebSite","@id":"https:\/\/www.nitsche-farben.de\/web\/#website","url":"https:\/\/www.nitsche-farben.de\/web\/","name":"Nitsche Farben","description":"Herzlich willkommen","publisher":{"@id":"https:\/\/www.nitsche-farben.de\/web\/#organization"},"potentialAction":[{"@type":"SearchAction","target":{"@type":"EntryPoint","urlTemplate":"https:\/\/www.nitsche-farben.de\/web\/?s={search_term_string}"},"query-input":"required name=search_term_string"}],"inLanguage":"de"},{"@type":"Organization","@id":"https:\/\/www.nitsche-farben.de\/web\/#organization","name":"Nitsche Farben GmbH & Co. KG","url":"https:\/\/www.nitsche-farben.de\/web\/","logo":{"@type":"ImageObject","inLanguage":"de","@id":"https:\/\/www.nitsche-farben.de\/web\/#\/schema\/logo\/image\/","url":"https:\/\/www.nitsche-farben.de\/web\/wp-content\/uploads\/2015\/12\/logo2.png","contentUrl":"https:\/\/www.nitsche-farben.de\/web\/wp-content\/uploads\/2015\/12\/logo2.png","width":1000,"height":282,"caption":"Nitsche Farben GmbH & Co. KG"},"image":{"@id":"https:\/\/www.nitsche-farben.de\/web\/#\/schema\/logo\/image\/"}}]}},"_links":{"self":[{"href":"https:\/\/www.nitsche-farben.de\/web\/wp-json\/wp\/v2\/pages\/1141"}],"collection":[{"href":"https:\/\/www.nitsche-farben.de\/web\/wp-json\/wp\/v2\/pages"}],"about":[{"href":"https:\/\/www.nitsche-farben.de\/web\/wp-json\/wp\/v2\/types\/page"}],"author":[{"embeddable":true,"href":"https:\/\/www.nitsche-farben.de\/web\/wp-json\/wp\/v2\/users\/1"}],"replies":[{"embeddable":true,"href":"https:\/\/www.nitsche-farben.de\/web\/wp-json\/wp\/v2\/comments?post=1141"}],"version-history":[{"count":178,"href":"https:\/\/www.nitsche-farben.de\/web\/wp-json\/wp\/v2\/pages\/1141\/revisions"}],"predecessor-version":[{"id":3027,"href":"https:\/\/www.nitsche-farben.de\/web\/wp-json\/wp\/v2\/pages\/1141\/revisions\/3027"}],"wp:attachment":[{"href":"https:\/\/www.nitsche-farben.de\/web\/wp-json\/wp\/v2\/media?parent=1141"}],"curies":[{"name":"wp","href":"https:\/\/api.w.org\/{rel}","templated":true}]}}